{"id":13862,"date":"2024-11-27T09:35:11","date_gmt":"2024-11-27T08:35:11","guid":{"rendered":"https:\/\/cotobajo.es\/accessibilite\/"},"modified":"2026-02-04T11:03:04","modified_gmt":"2026-02-04T10:03:04","slug":"accessibilite","status":"publish","type":"page","link":"https:\/\/cotobajo.es\/fr\/accessibilite\/","title":{"rendered":"Accessibilit\u00e9"},"content":{"rendered":"\n<p>COTO BAJO EXPLOTACIONES AGR\u00cdCOLAS GANADERAS Y CINEG\u00c9TICAS, S.A. avec NIF A14094650 s&rsquo;engage \u00e0 rendre son site Web accessible, conform\u00e9ment au <a href=\"http:\/\/www.boe.es\/diario_boe\/txt.php?id=BOE-A-2018-12699\">d\u00e9cret royal 1112\/2018, du 7 septembre, sur l&rsquo;accessibilit\u00e9 des sites Web et des applications du secteur public pour les appareils mobiles.<\/a><\/p>\n\n<p>La pr\u00e9sente d\u00e9claration d&rsquo;accessibilit\u00e9 s&rsquo;applique au site web https:\/\/cotobajo.es\/.<\/p>\n\n<h2 class=\"wp-block-heading\">\u00c9TAT DE CONFORMIT\u00c9<\/h2>\n\n<p>Ce site web est partiellement conforme au <a href=\"http:\/\/www.boe.es\/diario_boe\/txt.php?id=BOE-A-2018-12699\">RD 1112\/2018<\/a> en raison des exceptions et de la non-conformit\u00e9 des aspects indiqu\u00e9s dans le point suivant.<\/p>\n\n<h2 class=\"wp-block-heading\"><strong>CONTENU NON ACCESSIBLE<\/strong><\/h2>\n\n<p>Le contenu ci-dessous n&rsquo;est pas accessible pour les raisons suivantes :<\/p>\n\n<ul class=\"wp-block-list\">\n<li><strong>Non-conformit\u00e9 avec le RD 1112\/2018<\/strong><\/li>\n<\/ul>\n\n<p>Certaines pages web peuvent parfois contenir des erreurs d&rsquo;\u00e9dition de code.  [4 .1.1 Procesamiento]<\/p>\n\n<p>Il se peut que certains \u00e9l\u00e9ments de l&rsquo;interface utilisateur ne soient pas \u00e9tiquet\u00e9s correctement. [4.1.2 Nom, fonction, valeur]5.2 Activation des fonctions d&rsquo;accessibilit\u00e9 (conditionnel) <\/p>\n\n<p>5. les exigences g\u00e9n\u00e9riques ne s&rsquo;appliquent pas, pas plus que 6. la voix, ni 7. la vid\u00e9o, ni 10. les documents non web. Voix, ni 7. vid\u00e9o, ni 10. documents non web.      <\/p>\n\n<h2 class=\"wp-block-heading\">PR\u00c9PARATION DE LA PR\u00c9SENTE D\u00c9CLARATION D&rsquo;ACCESSIBILIT\u00c9<\/h2>\n\n<p>Cette d\u00e9claration a \u00e9t\u00e9 pr\u00e9par\u00e9e le 5 novembre 2024.<\/p>\n\n<p>La m\u00e9thode utilis\u00e9e pour pr\u00e9parer la d\u00e9claration a \u00e9t\u00e9 une auto-\u00e9valuation r\u00e9alis\u00e9e par la personne responsable de la conception et du d\u00e9veloppement du site web.<\/p>\n\n<p>La d\u00e9claration d&rsquo;accessibilit\u00e9 a \u00e9t\u00e9 r\u00e9vis\u00e9e et mise \u00e0 jour en novembre 2024.<\/p>\n\n<h2 class=\"wp-block-heading\">REMARQUES ET COORDONN\u00c9ES<\/h2>\n\n<p>Vous pouvez faire des communications sur les exigences d&rsquo;accessibilit\u00e9 (article 10.2.a du RD 1112\/2018) telles que<\/p>\n\n<ul class=\"wp-block-list\">\n<li>&#8211; Signalez tout cas \u00e9ventuel de non-respect des r\u00e8gles par ce site web<\/li>\n\n\n\n<li>transmettre d&rsquo;autres difficult\u00e9s d&rsquo;acc\u00e8s au contenu.<\/li>\n\n\n\n<li>&#8211; de formuler toute autre demande ou suggestion d&rsquo;am\u00e9lioration concernant l&rsquo;accessibilit\u00e9 du site web.<\/li>\n<\/ul>\n\n<p>via le formulaire de contact de ce site web.<\/p>\n\n<p>Vous pouvez soumettre votre candidature :<\/p>\n\n<ul class=\"wp-block-list\">\n<li>Plainte concernant le respect des exigences du RD 1112\/2018 ou<\/li>\n\n\n\n<li><\/li>\n<\/ul>\n\n<p>Dans la demande d&rsquo;informations accessibles, les faits, les raisons et la demande doivent \u00eatre clairement expos\u00e9s afin d&rsquo;\u00e9tablir que la demande est raisonnable et l\u00e9gitime.<\/p>\n\n<p>Les plaintes et r\u00e9clamations relatives \u00e0 l&rsquo;accessibilit\u00e9 de l&rsquo;information seront formul\u00e9es par le biais du formulaire de contact et seront re\u00e7ues et trait\u00e9es par COTO BAJO EXPLOTACIONES AGR\u00cdCOLAS GANADERAS Y CINEG\u00c9TICAS, S.A.<\/p>\n\n<h2 class=\"wp-block-heading\">PROC\u00c9DURE DE CANDIDATURE<\/h2>\n\n<p>Si, apr\u00e8s une demande d&rsquo;informations accessibles ou une plainte, la demande a \u00e9t\u00e9 rejet\u00e9e, la personne concern\u00e9e n&rsquo;est pas d&rsquo;accord avec la d\u00e9cision adopt\u00e9e ou la r\u00e9ponse ne r\u00e9pond pas aux exigences \u00e9nonc\u00e9es \u00e0 l&rsquo;article 12.5, la personne concern\u00e9e peut d\u00e9poser une plainte. De m\u00eame, une plainte peut \u00eatre d\u00e9pos\u00e9e si le d\u00e9lai de vingt jours ouvrables s&rsquo;est \u00e9coul\u00e9 sans qu&rsquo;une r\u00e9ponse n&rsquo;ait \u00e9t\u00e9 re\u00e7ue. <\/p>\n\n<p>La plainte peut \u00eatre d\u00e9pos\u00e9e aupr\u00e8s de l&rsquo;Instance g\u00e9n\u00e9rique du si\u00e8ge \u00e9lectronique du minist\u00e8re de l&rsquo;\u00c9conomie et de la Transformation num\u00e9rique, ainsi que par le biais des autres options pr\u00e9vues par la loi 39\/2015, du 1er octobre, relative \u00e0 la proc\u00e9dure administrative commune des administrations publiques. Les plaintes seront re\u00e7ues et trait\u00e9es par la Sous-direction g\u00e9n\u00e9rale de l&rsquo;inspection des services du minist\u00e8re. <\/p>\n\n<h2 class=\"wp-block-heading\">CONTENU FACULTATIF<\/h2>\n\n<p>Ce portail est con\u00e7u pour permettre de modifier la taille et la couleur du texte, ainsi que l&rsquo;arri\u00e8re-plan de la page \u00e0 l&rsquo;aide des param\u00e8tres standard du navigateur.<\/p>\n\n<p>Si vous souhaitez modifier la taille de la police du texte dans les principaux navigateurs graphiques, utilisez les menus suivants :<\/p>\n\n<ul class=\"wp-block-list\">\n<li>Internet Explorer, Mozilla et Firefox : Affichage &gt; Taille du texte<\/li>\n\n\n\n<li>Opera : Affichage &gt; Zoom<\/li>\n\n\n\n<li>Safari : Affichage &gt; Agrandir le texte<\/li>\n\n\n\n<li>Chrome : Contr\u00f4ler la page actuelle &gt; Taille du texte<\/li>\n\n\n\n<li>Pour modifier la taille de tous les \u00e9l\u00e9ments de la page :\n<ul class=\"wp-block-list\">\n<li>Ctrl + + pour zoomer<\/li>\n\n\n\n<li>Ctrl + &#8211; pour le diminuer<\/li>\n\n\n\n<li>Ctrl + 0 r\u00e9tablit la taille originale du texte<\/li>\n\n\n\n<li>Si vous souhaitez remplacer la feuille de style ou modifier la couleur du texte, vous pouvez consulter la page de la WAI intitul\u00e9e How to Change Text Size or Colors (Comment modifier la taille ou la couleur du texte), qui peut \u00eatre consult\u00e9e en anglais \u00e0 l&rsquo;adresse How to Change Text Size or Colors (Comment modifier la taille ou la couleur du texte).<\/li>\n<\/ul>\n<\/li>\n<\/ul>\n","protected":false},"excerpt":{"rendered":"<p>COTO BAJO EXPLOTACIONES AGR\u00cdCOLAS GANADERAS Y CINEG\u00c9TICAS, S.A. avec NIF A14094650 s&rsquo;engage \u00e0 rendre son site Web accessible, conform\u00e9ment au d\u00e9cret royal 1112\/2018, du 7 septembre, sur l&rsquo;accessibilit\u00e9 des sites Web et des applications du secteur public pour les appareils mobiles. La pr\u00e9sente d\u00e9claration d&rsquo;accessibilit\u00e9 s&rsquo;applique au site web https:\/\/cotobajo.es\/. \u00c9TAT DE CONFORMIT\u00c9 Ce site [&hellip;]<\/p>\n","protected":false},"author":98,"featured_media":0,"parent":0,"menu_order":0,"comment_status":"closed","ping_status":"closed","template":"","meta":{"_acf_changed":false,"_joinchat":[],"footnotes":""},"class_list":["post-13862","page","type-page","status-publish","hentry"],"acf":[],"yoast_head":"<!-- This site is optimized with the Yoast SEO plugin v27.5 - https:\/\/yoast.com\/product\/yoast-seo-wordpress\/ -->\n<title>Accessibilit\u00e9<\/title>\n<meta name=\"description\" content=\"Accessibilit\u00e9 \u00e0 Coto Bajo, Connectez-vous et d\u00e9couvrez comment nous nous assurons que Coto Bajo est pleinement accessible \u00e0 tous.\" \/>\n<meta name=\"robots\" content=\"noindex, nofollow\" \/>\n<meta property=\"og:locale\" content=\"fr_FR\" \/>\n<meta property=\"og:type\" content=\"article\" \/>\n<meta property=\"og:title\" content=\"Accessibilit\u00e9\" \/>\n<meta property=\"og:description\" content=\"Accessibilit\u00e9 \u00e0 Coto Bajo, Connectez-vous et d\u00e9couvrez comment nous nous assurons que Coto Bajo est pleinement accessible \u00e0 tous.\" \/>\n<meta property=\"og:url\" content=\"https:\/\/cotobajo.es\/fr\/accessibilite\/\" \/>\n<meta property=\"og:site_name\" content=\"Coto Bajo\" \/>\n<meta property=\"article:publisher\" content=\"https:\/\/www.facebook.com\/Coto-Bajo-394048128222\" \/>\n<meta property=\"article:modified_time\" content=\"2026-02-04T10:03:04+00:00\" \/>\n<meta name=\"twitter:card\" content=\"summary_large_image\" \/>\n<meta name=\"twitter:site\" content=\"@cotobajo\" \/>\n<meta name=\"twitter:label1\" content=\"Dur\u00e9e de lecture estim\u00e9e\" \/>\n\t<meta name=\"twitter:data1\" content=\"3 minutes\" \/>\n<script type=\"application\/ld+json\" class=\"yoast-schema-graph\">{\"@context\":\"https:\\\/\\\/schema.org\",\"@graph\":[{\"@type\":\"WebPage\",\"@id\":\"https:\\\/\\\/cotobajo.es\\\/fr\\\/accessibilite\\\/\",\"url\":\"https:\\\/\\\/cotobajo.es\\\/fr\\\/accessibilite\\\/\",\"name\":\"Accessibilit\u00e9\",\"isPartOf\":{\"@id\":\"https:\\\/\\\/cotobajo.es\\\/fr\\\/#website\"},\"datePublished\":\"2024-11-27T08:35:11+00:00\",\"dateModified\":\"2026-02-04T10:03:04+00:00\",\"description\":\"Accessibilit\u00e9 \u00e0 Coto Bajo, Connectez-vous et d\u00e9couvrez comment nous nous assurons que Coto Bajo est pleinement accessible \u00e0 tous.\",\"breadcrumb\":{\"@id\":\"https:\\\/\\\/cotobajo.es\\\/fr\\\/accessibilite\\\/#breadcrumb\"},\"inLanguage\":\"fr-FR\",\"potentialAction\":[{\"@type\":\"ReadAction\",\"target\":[\"https:\\\/\\\/cotobajo.es\\\/fr\\\/accessibilite\\\/\"]}]},{\"@type\":\"BreadcrumbList\",\"@id\":\"https:\\\/\\\/cotobajo.es\\\/fr\\\/accessibilite\\\/#breadcrumb\",\"itemListElement\":[{\"@type\":\"ListItem\",\"position\":1,\"name\":\"Home\",\"item\":\"https:\\\/\\\/cotobajo.es\\\/fr\\\/\"},{\"@type\":\"ListItem\",\"position\":2,\"name\":\"Accessibilit\u00e9\"}]},{\"@type\":\"WebSite\",\"@id\":\"https:\\\/\\\/cotobajo.es\\\/fr\\\/#website\",\"url\":\"https:\\\/\\\/cotobajo.es\\\/fr\\\/\",\"name\":\"Coto Bajo\",\"description\":\"Aceite de Oliva Virgen Extra, AOVE y Miel Artesanal\",\"publisher\":{\"@id\":\"https:\\\/\\\/cotobajo.es\\\/fr\\\/#organization\"},\"potentialAction\":[{\"@type\":\"SearchAction\",\"target\":{\"@type\":\"EntryPoint\",\"urlTemplate\":\"https:\\\/\\\/cotobajo.es\\\/fr\\\/?s={search_term_string}\"},\"query-input\":{\"@type\":\"PropertyValueSpecification\",\"valueRequired\":true,\"valueName\":\"search_term_string\"}}],\"inLanguage\":\"fr-FR\"},{\"@type\":\"Organization\",\"@id\":\"https:\\\/\\\/cotobajo.es\\\/fr\\\/#organization\",\"name\":\"Coto Bajo\",\"url\":\"https:\\\/\\\/cotobajo.es\\\/fr\\\/\",\"logo\":{\"@type\":\"ImageObject\",\"inLanguage\":\"fr-FR\",\"@id\":\"https:\\\/\\\/cotobajo.es\\\/fr\\\/#\\\/schema\\\/logo\\\/image\\\/\",\"url\":\"https:\\\/\\\/cotobajo.es\\\/wp-content\\\/uploads\\\/2021\\\/02\\\/logo-header.svg\",\"contentUrl\":\"https:\\\/\\\/cotobajo.es\\\/wp-content\\\/uploads\\\/2021\\\/02\\\/logo-header.svg\",\"width\":1000,\"height\":558,\"caption\":\"Coto Bajo\"},\"image\":{\"@id\":\"https:\\\/\\\/cotobajo.es\\\/fr\\\/#\\\/schema\\\/logo\\\/image\\\/\"},\"sameAs\":[\"https:\\\/\\\/www.facebook.com\\\/Coto-Bajo-394048128222\",\"https:\\\/\\\/x.com\\\/cotobajo\",\"https:\\\/\\\/www.instagram.com\\\/coto_bajo\\\/\",\"https:\\\/\\\/www.linkedin.com\\\/company\\\/coto-bajo-s-a\\\/\",\"https:\\\/\\\/www.youtube.com\\\/@coto_bajo\"]}]}<\/script>\n<!-- \/ Yoast SEO plugin. -->","yoast_head_json":{"title":"Accessibilit\u00e9","description":"Accessibilit\u00e9 \u00e0 Coto Bajo, Connectez-vous et d\u00e9couvrez comment nous nous assurons que Coto Bajo est pleinement accessible \u00e0 tous.","robots":{"index":"noindex","follow":"nofollow"},"og_locale":"fr_FR","og_type":"article","og_title":"Accessibilit\u00e9","og_description":"Accessibilit\u00e9 \u00e0 Coto Bajo, Connectez-vous et d\u00e9couvrez comment nous nous assurons que Coto Bajo est pleinement accessible \u00e0 tous.","og_url":"https:\/\/cotobajo.es\/fr\/accessibilite\/","og_site_name":"Coto Bajo","article_publisher":"https:\/\/www.facebook.com\/Coto-Bajo-394048128222","article_modified_time":"2026-02-04T10:03:04+00:00","twitter_card":"summary_large_image","twitter_site":"@cotobajo","twitter_misc":{"Dur\u00e9e de lecture estim\u00e9e":"3 minutes"},"schema":{"@context":"https:\/\/schema.org","@graph":[{"@type":"WebPage","@id":"https:\/\/cotobajo.es\/fr\/accessibilite\/","url":"https:\/\/cotobajo.es\/fr\/accessibilite\/","name":"Accessibilit\u00e9","isPartOf":{"@id":"https:\/\/cotobajo.es\/fr\/#website"},"datePublished":"2024-11-27T08:35:11+00:00","dateModified":"2026-02-04T10:03:04+00:00","description":"Accessibilit\u00e9 \u00e0 Coto Bajo, Connectez-vous et d\u00e9couvrez comment nous nous assurons que Coto Bajo est pleinement accessible \u00e0 tous.","breadcrumb":{"@id":"https:\/\/cotobajo.es\/fr\/accessibilite\/#breadcrumb"},"inLanguage":"fr-FR","potentialAction":[{"@type":"ReadAction","target":["https:\/\/cotobajo.es\/fr\/accessibilite\/"]}]},{"@type":"BreadcrumbList","@id":"https:\/\/cotobajo.es\/fr\/accessibilite\/#breadcrumb","itemListElement":[{"@type":"ListItem","position":1,"name":"Home","item":"https:\/\/cotobajo.es\/fr\/"},{"@type":"ListItem","position":2,"name":"Accessibilit\u00e9"}]},{"@type":"WebSite","@id":"https:\/\/cotobajo.es\/fr\/#website","url":"https:\/\/cotobajo.es\/fr\/","name":"Coto Bajo","description":"Aceite de Oliva Virgen Extra, AOVE y Miel Artesanal","publisher":{"@id":"https:\/\/cotobajo.es\/fr\/#organization"},"potentialAction":[{"@type":"SearchAction","target":{"@type":"EntryPoint","urlTemplate":"https:\/\/cotobajo.es\/fr\/?s={search_term_string}"},"query-input":{"@type":"PropertyValueSpecification","valueRequired":true,"valueName":"search_term_string"}}],"inLanguage":"fr-FR"},{"@type":"Organization","@id":"https:\/\/cotobajo.es\/fr\/#organization","name":"Coto Bajo","url":"https:\/\/cotobajo.es\/fr\/","logo":{"@type":"ImageObject","inLanguage":"fr-FR","@id":"https:\/\/cotobajo.es\/fr\/#\/schema\/logo\/image\/","url":"https:\/\/cotobajo.es\/wp-content\/uploads\/2021\/02\/logo-header.svg","contentUrl":"https:\/\/cotobajo.es\/wp-content\/uploads\/2021\/02\/logo-header.svg","width":1000,"height":558,"caption":"Coto Bajo"},"image":{"@id":"https:\/\/cotobajo.es\/fr\/#\/schema\/logo\/image\/"},"sameAs":["https:\/\/www.facebook.com\/Coto-Bajo-394048128222","https:\/\/x.com\/cotobajo","https:\/\/www.instagram.com\/coto_bajo\/","https:\/\/www.linkedin.com\/company\/coto-bajo-s-a\/","https:\/\/www.youtube.com\/@coto_bajo"]}]}},"_links":{"self":[{"href":"https:\/\/cotobajo.es\/fr\/wp-json\/wp\/v2\/pages\/13862","targetHints":{"allow":["GET"]}}],"collection":[{"href":"https:\/\/cotobajo.es\/fr\/wp-json\/wp\/v2\/pages"}],"about":[{"href":"https:\/\/cotobajo.es\/fr\/wp-json\/wp\/v2\/types\/page"}],"author":[{"embeddable":true,"href":"https:\/\/cotobajo.es\/fr\/wp-json\/wp\/v2\/users\/98"}],"replies":[{"embeddable":true,"href":"https:\/\/cotobajo.es\/fr\/wp-json\/wp\/v2\/comments?post=13862"}],"version-history":[{"count":0,"href":"https:\/\/cotobajo.es\/fr\/wp-json\/wp\/v2\/pages\/13862\/revisions"}],"wp:attachment":[{"href":"https:\/\/cotobajo.es\/fr\/wp-json\/wp\/v2\/media?parent=13862"}],"curies":[{"name":"wp","href":"https:\/\/api.w.org\/{rel}","templated":true}]}}