{"id":14349,"date":"2021-03-03T21:17:53","date_gmt":"2021-03-03T20:17:53","guid":{"rendered":"https:\/\/cotobajo.es\/politique-de-protection-des-donnees-personnelles\/"},"modified":"2026-02-04T10:42:21","modified_gmt":"2026-02-04T09:42:21","slug":"politique-de-protection-des-donnees-personnelles","status":"publish","type":"page","link":"https:\/\/cotobajo.es\/fr\/politique-de-protection-des-donnees-personnelles\/","title":{"rendered":"Politique de protection des donn\u00e9es personnelles"},"content":{"rendered":"\t\t<div data-elementor-type=\"wp-page\" data-elementor-id=\"14349\" class=\"elementor elementor-14349 elementor-2201\" data-elementor-post-type=\"page\">\n\t\t\t\t\t\t<section class=\"elementor-section elementor-top-section elementor-element elementor-element-a84c645 elementor-section-boxed elementor-section-height-default elementor-section-height-default\" data-id=\"a84c645\" data-element_type=\"section\" data-e-type=\"section\">\n\t\t\t\t\t\t<div class=\"elementor-container elementor-column-gap-default\">\n\t\t\t\t\t<div class=\"elementor-column elementor-col-100 elementor-top-column elementor-element elementor-element-2c4efbe\" data-id=\"2c4efbe\" data-element_type=\"column\" data-e-type=\"column\">\n\t\t\t<div class=\"elementor-widget-wrap elementor-element-populated\">\n\t\t\t\t\t\t<div class=\"elementor-element elementor-element-c58089b elementor-widget elementor-widget-spacer\" data-id=\"c58089b\" data-element_type=\"widget\" data-e-type=\"widget\" data-widget_type=\"spacer.default\">\n\t\t\t\t\t\t\t<div class=\"elementor-spacer\">\n\t\t\t<div class=\"elementor-spacer-inner\"><\/div>\n\t\t<\/div>\n\t\t\t\t\t\t<\/div>\n\t\t\t\t<div class=\"elementor-element elementor-element-1fd0847 elementor-widget elementor-widget-heading\" data-id=\"1fd0847\" data-element_type=\"widget\" data-e-type=\"widget\" data-widget_type=\"heading.default\">\n\t\t\t\t\t<h1 class=\"elementor-heading-title elementor-size-default\">Politique de protection des donn\u00e9es personnelles<\/h1>\t\t\t\t<\/div>\n\t\t\t\t<div class=\"elementor-element elementor-element-286a3be elementor-widget elementor-widget-text-editor\" data-id=\"286a3be\" data-element_type=\"widget\" data-e-type=\"widget\" data-widget_type=\"text-editor.default\">\n\t\t\t\t\t\t\t\t\t<h2><strong>Informations compl\u00e9mentaires sur notre politique de protection des donn\u00e9es<\/strong><\/h2>\n<p>Ce document a \u00e9t\u00e9 r\u00e9dig\u00e9 dans le plein respect des obligations impos\u00e9es par le r\u00e8glement (UE) 2016\/679 du Parlement europ\u00e9en et du Conseil du 27 avril 2016 relatif \u00e0 la protection des personnes physiques \u00e0 l&rsquo;\u00e9gard du traitement des donn\u00e9es \u00e0 caract\u00e8re personnel et \u00e0 la libre circulation de ces donn\u00e9es, en respectant \u00e9galement la r\u00e9glementation contenue dans la loi organique 3\/2018 du 5 d\u00e9cembre sur la protection des donn\u00e9es \u00e0 caract\u00e8re personnel et la garantie des droits num\u00e9riques.<\/p>\n<ol>\n<li><u>Responsable du traitement des donn\u00e9es<\/u><\/li>\n<\/ol>\n<p>Coto Bajo Explotaciones Agr\u00edcolas, Ganaderas y Cineg\u00e9ticas, S.A. avec CIF A14094650<\/p>\n<p>Si\u00e8ge social : Finca El Gamo s\/n Ctra. de Almod\u00f3var Km. 6,6 (CP 14130), Guadalc\u00e1zar, C\u00f3rdoba <\/p>\n<p>T\u00e9l\u00e9phone : 957330349<\/p>\n<p>Courriel : administracion@cotobajo.es<\/p>\n<ol start=\"2\">\n<li><u>Finalit\u00e9 du traitement de vos donn\u00e9es personnelles<\/u><\/li>\n<\/ol>\n<p>La finalit\u00e9 principale du traitement de vos donn\u00e9es personnelles correspond \u00e0 la gestion de la relation \u00e9tablie avec COTO BAJO EXPLOTACIONES AGR\u00cdCOLAS, GANADERAS Y CINEG\u00c9TICAS, S.A., ainsi qu&rsquo;\u00e0 l&rsquo;attention port\u00e9e aux questions soulev\u00e9es et\/ou aux informations demand\u00e9es, en respectant les engagements et les obligations d\u00e9coulant de cette relation. Vos donn\u00e9es personnelles seront conserv\u00e9es pour traitement dans nos syst\u00e8mes tant que la relation avec notre soci\u00e9t\u00e9 sera maintenue aux fins indiqu\u00e9es. <\/p>\n<p>La relation contractuelle \u00e9tablie avec nos clients se d\u00e9roulera pour la gestion des services et l&rsquo;acquisition des produits requis, le tout pour leur budget, la facturation et le recouvrement, ainsi que pour la r\u00e9solution des questions pos\u00e9es.<\/p>\n<p>De m\u00eame, les demandes d&rsquo;information et les coordonn\u00e9es demand\u00e9es par les parties int\u00e9ress\u00e9es seront g\u00e9r\u00e9es, et leurs donn\u00e9es seront trait\u00e9es afin de r\u00e9pondre \u00e0 leurs questions et\/ou d&rsquo;envoyer les informations demand\u00e9es aux adresses de contact fournies.<\/p>\n<p>De m\u00eame, les fournisseurs de biens et\/ou de services sont inform\u00e9s que leurs donn\u00e9es personnelles seront trait\u00e9es dans le but de g\u00e9rer la relation commerciale \u00e9tablie entre les parties.<\/p>\n<p>Si vous vous inscrivez \u00e0 notre Newsletter, nous vous l&rsquo;enverrons \u00e0 l&rsquo;adresse \u00e9lectronique que vous nous avez fournie dans le formulaire d&rsquo;inscription, vos donn\u00e9es seront trait\u00e9es afin de vous tenir inform\u00e9 de nos produits et services et des nouveaut\u00e9s du secteur, avec la possibilit\u00e9 de vous d\u00e9sinscrire dans chaque communication que vous recevrez.<\/p>\n<p>Si vous avez autoris\u00e9 le traitement de vos donn\u00e9es afin que nous puissions vous informer, par tout moyen, y compris \u00e9lectronique, sur nos produits et services, nous vous informons que vous pouvez retirer le consentement accord\u00e9 sur simple demande en contactant COTO BAJO EXPLOTACIONES AGR\u00cdCOLAS, GANADERAS Y CINEG\u00c9TICAS, S.A. \u00e0 l&rsquo;une des adresses mentionn\u00e9es au point 1 du pr\u00e9sent document. Si vous retirez votre consentement, cette r\u00e9vocation n&rsquo;affectera pas la l\u00e9galit\u00e9 du traitement des donn\u00e9es effectu\u00e9 par COTO BAJO EXPLOTACIONES AGR\u00cdCOLAS, GANADERAS Y CINEG\u00c9TICAS, S.A. avant votre r\u00e9vocation. <\/p>\n<p>De m\u00eame, vous aurez la possibilit\u00e9 de vous d\u00e9sabonner de chaque communication commerciale que vous recevrez. Nous vous informons \u00e9galement que vous pouvez consulter les syst\u00e8mes d&rsquo;opt-out publicitaires existants sur le lien fourni au si\u00e8ge \u00e9lectronique de l&rsquo;Agence espagnole de protection des donn\u00e9es. <\/p>\n<ol start=\"3\">\n<li><u>L\u00e9gitimation du traitement de vos donn\u00e9es<\/u><\/li>\n<\/ol>\n<p>Le traitement de vos donn\u00e9es personnelles est l\u00e9gitim\u00e9 sur la base de l&rsquo;ex\u00e9cution des obligations d\u00e9coulant de la relation contractuelle, ainsi que sur la base de votre demande d&rsquo;information ou de budget correspondant ou de l&rsquo;abonnement \u00e0 notre Newsletter, en exprimant votre consentement \u00e0 ces effets, en devant fournir vos donn\u00e9es d&rsquo;identification et de contact, ainsi que les donn\u00e9es \u00e9conomiques dans le cas o\u00f9 la relation est formalis\u00e9e, sans lesquelles il serait impossible d&rsquo;ex\u00e9cuter ladite relation aux fins indiqu\u00e9es.<\/p>\n<p>En nous fournissant vos coordonn\u00e9es, vous d\u00e9clarez que vous en \u00eates le propri\u00e9taire, qu&rsquo;elles sont v\u00e9ridiques et parfaitement \u00e0 jour.<\/p>\n<p>En outre, le traitement de vos donn\u00e9es pour l&rsquo;envoi de communications commerciales, par quelque moyen que ce soit, y compris \u00e9lectronique, est l\u00e9gitim\u00e9 sur la base du consentement que vous avez donn\u00e9. Ce consentement peut \u00eatre retir\u00e9 \u00e0 tout moment, sur simple demande de votre part, en contactant COTO BAJO EXPLOTACIONES AGR\u00cdCOLAS, GANADERAS Y CINEG\u00c9TICAS, S.A. \u00e0 l&rsquo;une des adresses mentionn\u00e9es au point 1, auquel cas nous cesserons de traiter vos donn\u00e9es. <\/p>\n<p>Les donn\u00e9es collect\u00e9es sont ad\u00e9quates, pertinentes et non excessives au regard des finalit\u00e9s de leur traitement. De m\u00eame, COTO BAJO EXPLOTACIONES AGR\u00cdCOLAS, GANADERAS Y CINEG\u00c9TICAS, S.A. annulera ou rectifiera les donn\u00e9es lorsqu&rsquo;elles sont inexactes, incompl\u00e8tes ou qu&rsquo;elles ne sont plus n\u00e9cessaires ou pertinentes au regard de leur finalit\u00e9. Toutefois, vos donn\u00e9es seront conserv\u00e9es dans nos syst\u00e8mes pendant la dur\u00e9e de cette relation et, apr\u00e8s la fin de celle-ci, pendant les d\u00e9lais de prescription l\u00e9gaux applicables en vertu des dispositions de la l\u00e9gislation fiscale (loi 58\/2003 du 17 d\u00e9cembre, Fiscalit\u00e9 g\u00e9n\u00e9rale), auquel cas elles seront trait\u00e9es dans le seul but de v\u00e9rifier le respect de nos obligations l\u00e9gales ou contractuelles, ainsi que l&rsquo;attention port\u00e9e aux r\u00e9clamations. Une fois ces d\u00e9lais de prescription expir\u00e9s, vos donn\u00e9es seront supprim\u00e9es ou, \u00e0 d\u00e9faut, rendues anonymes.   <\/p>\n<p>De m\u00eame, vous \u00eates inform\u00e9 que, dans la gestion des services contract\u00e9s par COTO BAJO EXPLOTACIONES AGR\u00cdCOLAS, GANADERAS Y CINEG\u00c9TICAS, S.A., peuvent intervenir des prestataires de services avec lesquels ont \u00e9t\u00e9 formalis\u00e9s les documents de protection des donn\u00e9es correspondants afin de garantir la confidentialit\u00e9, la s\u00e9curit\u00e9 et l&rsquo;int\u00e9grit\u00e9 des informations auxquelles ils ont acc\u00e8s.<\/p>\n<ol start=\"4\">\n<li><u>Groupe cible<\/u>:<\/li>\n<\/ol>\n<p>Vos donn\u00e9es pourront \u00eatre communiqu\u00e9es \u00e0 tout organisme public qui en aurait besoin pour s&rsquo;acquitter de ses obligations l\u00e9gales (administration fiscale), ainsi qu&rsquo;\u00e0 la banque correspondante pour la gestion des encaissements et\/ou des paiements correspondants. Aucun transfert international de donn\u00e9es n&rsquo;aura lieu, \u00e0 l&rsquo;exception de COTO BAJO EXPLOTACIONES AGR\u00cdCOLAS, GANADERAS Y CINEG\u00c9TICAS, S.A. qui pourra faire appel aux services de fournisseurs situ\u00e9s dans des pays tiers, apr\u00e8s avoir respect\u00e9 toutes les exigences \u00e9tablies par la r\u00e9glementation en mati\u00e8re de protection des donn\u00e9es et appliqu\u00e9 les garanties et les mesures de protection n\u00e9cessaires pour pr\u00e9server la confidentialit\u00e9 des donn\u00e9es. Pour plus d&rsquo;informations sur les garanties de confidentialit\u00e9, vous pouvez contacter notre soci\u00e9t\u00e9 aux adresses indiqu\u00e9es au point 1.  <\/p>\n<ol start=\"5\">\n<li><u>Droits des personnes concern\u00e9es<\/u><\/li>\n<\/ol>\n<p>Apr\u00e8s nous avoir fourni vos donn\u00e9es personnelles, nous vous informons des droits que vous pouvez exercer \u00e0 l&rsquo;encontre de COTO BAJO EXPLOTACIONES AGR\u00cdCOLAS, GANADERAS Y CINEG\u00c9TICAS, S.A., aux adresses mises \u00e0 votre disposition au point 1 du pr\u00e9sent document, et dont vous b\u00e9n\u00e9ficiez :<\/p>\n<p>Vous avez le droit d&rsquo;<u>acc\u00e9der \u00e0<\/u> toutes les donn\u00e9es personnelles d\u00e9tenues par COTO BAJO EXPLOTACIONES AGR\u00cdCOLAS, GANADERAS Y CINEG\u00c9TICAS, S.A., ainsi que de demander leur <u>modification<\/u> ou leur <u>suppression<\/u>.<\/p>\n<p>Vous pouvez nous demander de <u>limiter le<\/u> traitement de vos donn\u00e9es, auquel cas nous ne les conserverons que dans le but d&rsquo;exercer ou de d\u00e9fendre des r\u00e9clamations.<\/p>\n<p>Vous pouvez <u>vous opposer au<\/u> traitement de vos donn\u00e9es personnelles, de sorte que COTO BAJO EXPLOTACIONES AGR\u00cdCOLAS, GANADERAS Y CINEG\u00c9TICAS, S.A. cessera de traiter vos donn\u00e9es, sauf pour des raisons l\u00e9gitimes imp\u00e9rieuses, ou pour l&rsquo;exercice ou la d\u00e9fense d&rsquo;\u00e9ventuelles r\u00e9clamations.<\/p>\n<p>Vous pouvez demander la <u>portabilit\u00e9<\/u> de vos donn\u00e9es \u00e0 caract\u00e8re personnel, auquel cas nous vous enverrons les donn\u00e9es \u00e0 caract\u00e8re personnel conserv\u00e9es dans nos bases de donn\u00e9es par courrier \u00e9lectronique \u00e0 l&rsquo;adresse que vous avez indiqu\u00e9e dans votre demande, dans un format texte, lisible et adaptable aux besoins de tout autre responsable du traitement, ou nous les transmettrons au nouveau responsable du traitement dans le m\u00eame format, \u00e0 l&rsquo;adresse \u00e9lectronique que vous avez indiqu\u00e9e dans votre demande.<\/p>\n<p>Vous avez le droit de <u>ne pas faire l&rsquo;objet d&rsquo;une d\u00e9cision fond\u00e9e exclusivement sur un traitement automatis\u00e9 de donn\u00e9es, y compris le profilage<\/u>.<\/p>\n<p>Vous pouvez \u00e9galement retirer ou r\u00e9voquer tout consentement que vous avez express\u00e9ment donn\u00e9 en l&rsquo;indiquant dans votre demande.<\/p>\n<p>Les droits des personnes concern\u00e9es peuvent \u00eatre exerc\u00e9s directement par la personne concern\u00e9e ou par le biais d&rsquo;une repr\u00e9sentation l\u00e9gale ou volontaire, auquel cas, en plus de la carte d&rsquo;identit\u00e9 nationale de la personne concern\u00e9e ou d&rsquo;un document \u00e9quivalent, le document authentique accr\u00e9ditant la repr\u00e9sentation du tiers ainsi que sa carte d&rsquo;identit\u00e9 nationale ou un document \u00e9quivalent doivent \u00eatre fournis.<\/p>\n<ol start=\"6\">\n<li><u>Plaintes<\/u><\/li>\n<\/ol>\n<p>Si vous consid\u00e9rez que le traitement de vos donn\u00e9es personnelles viole la r\u00e9glementation ou les dispositions de la pr\u00e9sente clause, vous pouvez d\u00e9poser une plainte aupr\u00e8s de l&rsquo;Agence espagnole de protection des donn\u00e9es, qui est l&rsquo;autorit\u00e9 de contr\u00f4le comp\u00e9tente pour la protection de vos donn\u00e9es personnelles, par l&rsquo;interm\u00e9diaire de son si\u00e8ge \u00e9lectronique ou de son adresse postale, qui peuvent \u00eatre consult\u00e9s sur le site Web <a href=\"https:\/\/www.aepd.es\">www.aepd.es<\/a>.<\/p>\n\t\t\t\t\t\t\t\t<\/div>\n\t\t\t\t\t<\/div>\n\t\t<\/div>\n\t\t\t\t\t<\/div>\n\t\t<\/section>\n\t\t\t\t<\/div>\n\t\t","protected":false},"excerpt":{"rendered":"<p>Politique de protection des donn\u00e9es personnelles Informations compl\u00e9mentaires sur notre politique de protection des donn\u00e9es Ce document a \u00e9t\u00e9 r\u00e9dig\u00e9 dans le plein respect des obligations impos\u00e9es par le r\u00e8glement (UE) 2016\/679 du Parlement europ\u00e9en et du Conseil du 27 avril 2016 relatif \u00e0 la protection des personnes physiques \u00e0 l&rsquo;\u00e9gard du traitement des donn\u00e9es [&hellip;]<\/p>\n","protected":false},"author":9,"featured_media":0,"parent":0,"menu_order":0,"comment_status":"closed","ping_status":"closed","template":"","meta":{"_acf_changed":false,"_joinchat":[],"footnotes":""},"class_list":["post-14349","page","type-page","status-publish","hentry"],"acf":[],"yoast_head":"<!-- This site is optimized with the Yoast SEO plugin v27.5 - https:\/\/yoast.com\/product\/yoast-seo-wordpress\/ -->\n<title>Politique de protection des donn\u00e9es personnelles | Coto Bajo<\/title>\n<meta name=\"description\" content=\"Consultez notre politique de protection des donn\u00e9es personnelles. Votre vie priv\u00e9e est prot\u00e9g\u00e9e conform\u00e9ment aux lois en vigueur.\" \/>\n<meta name=\"robots\" content=\"noindex, nofollow\" \/>\n<meta property=\"og:locale\" content=\"fr_FR\" \/>\n<meta property=\"og:type\" content=\"article\" \/>\n<meta property=\"og:title\" content=\"Politique de protection des donn\u00e9es personnelles | Coto Bajo\" \/>\n<meta property=\"og:description\" content=\"Consultez notre politique de protection des donn\u00e9es personnelles. Votre vie priv\u00e9e est prot\u00e9g\u00e9e conform\u00e9ment aux lois en vigueur.\" \/>\n<meta property=\"og:url\" content=\"https:\/\/cotobajo.es\/fr\/politique-de-protection-des-donnees-personnelles\/\" \/>\n<meta property=\"og:site_name\" content=\"Coto Bajo\" \/>\n<meta property=\"article:publisher\" content=\"https:\/\/www.facebook.com\/Coto-Bajo-394048128222\" \/>\n<meta property=\"article:modified_time\" content=\"2026-02-04T09:42:21+00:00\" \/>\n<meta name=\"twitter:card\" content=\"summary_large_image\" \/>\n<meta name=\"twitter:site\" content=\"@cotobajo\" \/>\n<meta name=\"twitter:label1\" content=\"Dur\u00e9e de lecture estim\u00e9e\" \/>\n\t<meta name=\"twitter:data1\" content=\"7 minutes\" \/>\n<script type=\"application\/ld+json\" class=\"yoast-schema-graph\">{\"@context\":\"https:\\\/\\\/schema.org\",\"@graph\":[{\"@type\":\"WebPage\",\"@id\":\"https:\\\/\\\/cotobajo.es\\\/fr\\\/politique-de-protection-des-donnees-personnelles\\\/\",\"url\":\"https:\\\/\\\/cotobajo.es\\\/fr\\\/politique-de-protection-des-donnees-personnelles\\\/\",\"name\":\"Politique de protection des donn\u00e9es personnelles | Coto Bajo\",\"isPartOf\":{\"@id\":\"https:\\\/\\\/cotobajo.es\\\/fr\\\/#website\"},\"datePublished\":\"2021-03-03T20:17:53+00:00\",\"dateModified\":\"2026-02-04T09:42:21+00:00\",\"description\":\"Consultez notre politique de protection des donn\u00e9es personnelles. Votre vie priv\u00e9e est prot\u00e9g\u00e9e conform\u00e9ment aux lois en vigueur.\",\"breadcrumb\":{\"@id\":\"https:\\\/\\\/cotobajo.es\\\/fr\\\/politique-de-protection-des-donnees-personnelles\\\/#breadcrumb\"},\"inLanguage\":\"fr-FR\",\"potentialAction\":[{\"@type\":\"ReadAction\",\"target\":[\"https:\\\/\\\/cotobajo.es\\\/fr\\\/politique-de-protection-des-donnees-personnelles\\\/\"]}]},{\"@type\":\"BreadcrumbList\",\"@id\":\"https:\\\/\\\/cotobajo.es\\\/fr\\\/politique-de-protection-des-donnees-personnelles\\\/#breadcrumb\",\"itemListElement\":[{\"@type\":\"ListItem\",\"position\":1,\"name\":\"Home\",\"item\":\"https:\\\/\\\/cotobajo.es\\\/fr\\\/\"},{\"@type\":\"ListItem\",\"position\":2,\"name\":\"Politique de protection des donn\u00e9es personnelles\"}]},{\"@type\":\"WebSite\",\"@id\":\"https:\\\/\\\/cotobajo.es\\\/fr\\\/#website\",\"url\":\"https:\\\/\\\/cotobajo.es\\\/fr\\\/\",\"name\":\"Coto Bajo\",\"description\":\"Aceite de Oliva Virgen Extra, AOVE y Miel Artesanal\",\"publisher\":{\"@id\":\"https:\\\/\\\/cotobajo.es\\\/fr\\\/#organization\"},\"potentialAction\":[{\"@type\":\"SearchAction\",\"target\":{\"@type\":\"EntryPoint\",\"urlTemplate\":\"https:\\\/\\\/cotobajo.es\\\/fr\\\/?s={search_term_string}\"},\"query-input\":{\"@type\":\"PropertyValueSpecification\",\"valueRequired\":true,\"valueName\":\"search_term_string\"}}],\"inLanguage\":\"fr-FR\"},{\"@type\":\"Organization\",\"@id\":\"https:\\\/\\\/cotobajo.es\\\/fr\\\/#organization\",\"name\":\"Coto Bajo\",\"url\":\"https:\\\/\\\/cotobajo.es\\\/fr\\\/\",\"logo\":{\"@type\":\"ImageObject\",\"inLanguage\":\"fr-FR\",\"@id\":\"https:\\\/\\\/cotobajo.es\\\/fr\\\/#\\\/schema\\\/logo\\\/image\\\/\",\"url\":\"https:\\\/\\\/cotobajo.es\\\/wp-content\\\/uploads\\\/2021\\\/02\\\/logo-header.svg\",\"contentUrl\":\"https:\\\/\\\/cotobajo.es\\\/wp-content\\\/uploads\\\/2021\\\/02\\\/logo-header.svg\",\"width\":1000,\"height\":558,\"caption\":\"Coto Bajo\"},\"image\":{\"@id\":\"https:\\\/\\\/cotobajo.es\\\/fr\\\/#\\\/schema\\\/logo\\\/image\\\/\"},\"sameAs\":[\"https:\\\/\\\/www.facebook.com\\\/Coto-Bajo-394048128222\",\"https:\\\/\\\/x.com\\\/cotobajo\",\"https:\\\/\\\/www.instagram.com\\\/coto_bajo\\\/\",\"https:\\\/\\\/www.linkedin.com\\\/company\\\/coto-bajo-s-a\\\/\",\"https:\\\/\\\/www.youtube.com\\\/@coto_bajo\"]}]}<\/script>\n<!-- \/ Yoast SEO plugin. -->","yoast_head_json":{"title":"Politique de protection des donn\u00e9es personnelles | Coto Bajo","description":"Consultez notre politique de protection des donn\u00e9es personnelles. Votre vie priv\u00e9e est prot\u00e9g\u00e9e conform\u00e9ment aux lois en vigueur.","robots":{"index":"noindex","follow":"nofollow"},"og_locale":"fr_FR","og_type":"article","og_title":"Politique de protection des donn\u00e9es personnelles | Coto Bajo","og_description":"Consultez notre politique de protection des donn\u00e9es personnelles. Votre vie priv\u00e9e est prot\u00e9g\u00e9e conform\u00e9ment aux lois en vigueur.","og_url":"https:\/\/cotobajo.es\/fr\/politique-de-protection-des-donnees-personnelles\/","og_site_name":"Coto Bajo","article_publisher":"https:\/\/www.facebook.com\/Coto-Bajo-394048128222","article_modified_time":"2026-02-04T09:42:21+00:00","twitter_card":"summary_large_image","twitter_site":"@cotobajo","twitter_misc":{"Dur\u00e9e de lecture estim\u00e9e":"7 minutes"},"schema":{"@context":"https:\/\/schema.org","@graph":[{"@type":"WebPage","@id":"https:\/\/cotobajo.es\/fr\/politique-de-protection-des-donnees-personnelles\/","url":"https:\/\/cotobajo.es\/fr\/politique-de-protection-des-donnees-personnelles\/","name":"Politique de protection des donn\u00e9es personnelles | Coto Bajo","isPartOf":{"@id":"https:\/\/cotobajo.es\/fr\/#website"},"datePublished":"2021-03-03T20:17:53+00:00","dateModified":"2026-02-04T09:42:21+00:00","description":"Consultez notre politique de protection des donn\u00e9es personnelles. Votre vie priv\u00e9e est prot\u00e9g\u00e9e conform\u00e9ment aux lois en vigueur.","breadcrumb":{"@id":"https:\/\/cotobajo.es\/fr\/politique-de-protection-des-donnees-personnelles\/#breadcrumb"},"inLanguage":"fr-FR","potentialAction":[{"@type":"ReadAction","target":["https:\/\/cotobajo.es\/fr\/politique-de-protection-des-donnees-personnelles\/"]}]},{"@type":"BreadcrumbList","@id":"https:\/\/cotobajo.es\/fr\/politique-de-protection-des-donnees-personnelles\/#breadcrumb","itemListElement":[{"@type":"ListItem","position":1,"name":"Home","item":"https:\/\/cotobajo.es\/fr\/"},{"@type":"ListItem","position":2,"name":"Politique de protection des donn\u00e9es personnelles"}]},{"@type":"WebSite","@id":"https:\/\/cotobajo.es\/fr\/#website","url":"https:\/\/cotobajo.es\/fr\/","name":"Coto Bajo","description":"Aceite de Oliva Virgen Extra, AOVE y Miel Artesanal","publisher":{"@id":"https:\/\/cotobajo.es\/fr\/#organization"},"potentialAction":[{"@type":"SearchAction","target":{"@type":"EntryPoint","urlTemplate":"https:\/\/cotobajo.es\/fr\/?s={search_term_string}"},"query-input":{"@type":"PropertyValueSpecification","valueRequired":true,"valueName":"search_term_string"}}],"inLanguage":"fr-FR"},{"@type":"Organization","@id":"https:\/\/cotobajo.es\/fr\/#organization","name":"Coto Bajo","url":"https:\/\/cotobajo.es\/fr\/","logo":{"@type":"ImageObject","inLanguage":"fr-FR","@id":"https:\/\/cotobajo.es\/fr\/#\/schema\/logo\/image\/","url":"https:\/\/cotobajo.es\/wp-content\/uploads\/2021\/02\/logo-header.svg","contentUrl":"https:\/\/cotobajo.es\/wp-content\/uploads\/2021\/02\/logo-header.svg","width":1000,"height":558,"caption":"Coto Bajo"},"image":{"@id":"https:\/\/cotobajo.es\/fr\/#\/schema\/logo\/image\/"},"sameAs":["https:\/\/www.facebook.com\/Coto-Bajo-394048128222","https:\/\/x.com\/cotobajo","https:\/\/www.instagram.com\/coto_bajo\/","https:\/\/www.linkedin.com\/company\/coto-bajo-s-a\/","https:\/\/www.youtube.com\/@coto_bajo"]}]}},"_links":{"self":[{"href":"https:\/\/cotobajo.es\/fr\/wp-json\/wp\/v2\/pages\/14349","targetHints":{"allow":["GET"]}}],"collection":[{"href":"https:\/\/cotobajo.es\/fr\/wp-json\/wp\/v2\/pages"}],"about":[{"href":"https:\/\/cotobajo.es\/fr\/wp-json\/wp\/v2\/types\/page"}],"author":[{"embeddable":true,"href":"https:\/\/cotobajo.es\/fr\/wp-json\/wp\/v2\/users\/9"}],"replies":[{"embeddable":true,"href":"https:\/\/cotobajo.es\/fr\/wp-json\/wp\/v2\/comments?post=14349"}],"version-history":[{"count":0,"href":"https:\/\/cotobajo.es\/fr\/wp-json\/wp\/v2\/pages\/14349\/revisions"}],"wp:attachment":[{"href":"https:\/\/cotobajo.es\/fr\/wp-json\/wp\/v2\/media?parent=14349"}],"curies":[{"name":"wp","href":"https:\/\/api.w.org\/{rel}","templated":true}]}}